{"id":119,"date":"2017-03-11T19:07:04","date_gmt":"2017-03-11T18:07:04","guid":{"rendered":"http:\/\/www.lernart-hetzerath.de\/?page_id=119"},"modified":"2025-02-01T18:12:59","modified_gmt":"2025-02-01T17:12:59","slug":"startseite","status":"publish","type":"page","link":"https:\/\/www.lernart-hetzerath.de\/wordpress\/","title":{"rendered":"Willkommen"},"content":{"rendered":"<p style=\"text-align: center;\"><span style=\"color: #000080;\"><strong>Dyskalkulie\/Rechenschw\u00e4che im Brennpunkt\u00a0<\/strong><\/span><\/p>\n<p><strong><span style=\"color: #000080;\">Es gibt keine von allen Bezugswissenschaften einheitlich anerkannte Begrifflichkeit f\u00fcr das Ph\u00e4nomen, dass es Kinder gibt, die besondere Schwierigkeiten beim Rechnenlernen haben. Diese begrifflichen Kl\u00e4rungen &#8211; Rechenst\u00f6rung, Rechenschw\u00e4che und\u00a0 Dyskalkulie haben jeweils unterschiedliche Schwerpunkte. So findet man die Begriffe Rechenschw\u00e4che und Rechenst\u00f6rung eher im schulischen Kontext, den Begriff Dyskalkulie eher im mediznisch-psychologischen Kontext. Doch auch diese Grenzen verschwimmen immer mehr.\u00a0<\/span><\/strong><\/p>\n<p style=\"text-align: left;\"><strong><span style=\"color: #000080;\">Schlechte Leistungen und Bewertungen von Kindern im Fach Mathematik sind alleine noch kein Kriterium, um die Diagnose Dyskalkulie\/Rechenschw\u00e4che zu stellen<\/span><\/strong><strong><span style=\"color: #000080;\">. Es geht um den betr\u00e4chtlichen Anteil von Sch\u00fclern, denen es an tragf\u00e4higen Grundvorstellungen zu Zahlen und Rechenoperationen mangelt. Sie haben derart tiefliegende Probleme, dass diese durch undifferenziertes Weiterlernen im Unterricht nicht ausgeglichen werden k\u00f6nnen und ben\u00f6tigen deshalb eine F\u00f6rderung, die \u00fcber den regul\u00e4ren Unterricht hinausgeht.\u00a0<\/span><\/strong><\/p>\n<p><strong><span style=\"color: #000080;\">Eine wesentliche Voraussetzung f\u00fcr das Rechentraining hier ist die Vorlage einer medizinisch\/psychologischen Leistungsdiagnostik. Im Unterschied zu den Kolleginnen, die eine Diagnostik ihrer Wahl selbst durchf\u00fchren, bevorzuge ich das externe Gutachten der Einrichtungen, die nicht nur die Abkl\u00e4rung des basisnumerischen und rechnerischen Entwicklungsstandes mit einem oder zwei standardisierten Rechentests vornehmen, sondern auch differentialdiagnostisch erheben, ob eine Lernschw\u00e4che auszuschlie\u00dfen ist. In der Regel wird auch getestet, ob Konzentration und Aufmerksamkeit beeintr\u00e4chtigt sind. Au\u00dferdem schaut man nach kognitiven Faktoren, Probleml\u00f6sef\u00e4higkeiten und ob durch die besonderen Schwierigkeiten beim Rechnen bereits\u00a0 psychologische Auff\u00e4lligkeiten vorhanden sind. Au\u00dferdem wird nachgefragt, ob eine Diagnose ADS\/ADHS vorliegt oder eine Verdachtsdiagnose vorliegt.\u00a0<\/span><\/strong><\/p>\n<p><strong><span style=\"color: #000080;\">F\u00fcr die Grundschule ist diese Leistungsdiagnostik wichtig, damit die F\u00f6rderangebote des Schulsystems f\u00fcr rechenschwache Kinder greifen k\u00f6nnen. Beschr\u00e4nken sich die Ma\u00dfnahmen auf\u00a0 F\u00f6rdermaterialien bspw. Rechenrakete\/Zahlenfuchs oder ist eine F\u00f6rderlehrerin in der Schule, die Lehrkr\u00e4ften im Unterricht unterst\u00fctzend zur Hand geht und\/oder in kleineren Gruppen F\u00f6rderunterricht erteilt?<\/span><\/strong><\/p>\n<p><strong><span style=\"color: #000080;\">Der Einsatz standardisierter Rechentests zielt darauf ab, mathematische Kompetenzen mit einer Normstichprobe zu vergleichen. Diese Tests liefern Informationen \u00fcber die Anzahl der richtigen\/falschen Ergebnisse, erlauben jedoch keine Auskunft \u00fcber die spezifischen Denkweisen des Kindes und seiner L\u00f6sungsstrategien.\u00a0<\/span><\/strong><\/p>\n<p><strong><span style=\"color: #000080;\">Wenn keine externe Leistungsdiagnostik gew\u00fcnscht ist, biete ich die Durchf\u00fchrung und Auswertung des Heidelberger Rechentests an, der f\u00fcr die Grundschulklassen 1-4 konzipiert ist. Au\u00dferdem steht der AFS-Test vom E\u00d6DL zur Verf\u00fcgung, um einhergehende Aufmerksamkeitsst\u00f6rungen und differente Wahrnehmungen zu erfassen und digital auszuwerten.\u00a0<\/span><\/strong><\/p>\n<p><strong><span style=\"color: #000080;\">Um ein ganzheitliches Bild zu erhalten, wird der Rahmen im ersten unverbindlichen Beratungsgespr\u00e4ch, in der Regel mit der Mutter im Beisein des Kindes\u00a0 festgesteckt. Den umfassendsten Eindruck bez\u00fcglich Auff\u00e4lligkeiten beim Rechnen, im Lernverhalten und im allt\u00e4glichen Bereich haben in der Regel die M\u00fctter, die sich t\u00e4glich darum k\u00fcmmern, das die Hausaufgaben erledigt werden. Auff\u00e4lligkeiten zeigen sich bereits Ende der ersten und in der zweiten Klasse. Gehandelt wird in der Regel meist, wenn die Noten in der dritten Klasse &#8222;au\u00dfer Konkurrenz&#8220; sind und die Lehrkraft die Verdachtsdiagnose der M\u00fctter best\u00e4tigt oder sie erstmalig im Elterngespr\u00e4ch anspricht.\u00a0<\/span><\/strong><\/p>\n<p><strong><span style=\"color: #000080;\">Der Anamnesebogen vom E\u00d6DL erfasst die Kontaktdaten und enth\u00e4lt zus\u00e4tzliche Fragen nach der fr\u00fchkindlichen Entwicklung. Ferner kommt ein mehrseitiger Symptomfragebogen zum Erkennen von elementaren Lernschwierigkeiten im Grundlagenbereich Mathematik zur Anwendung. Der Fragebogen bietet die zudem M\u00f6glichkeit, Beobachtungen gezielt zusammenzutragen, Hinweise auf eine Rechenschw\u00e4che zu erkennen, um\u00a0 die <\/span><\/strong><strong><span style=\"color: #000080;\">Schwierigkeiten im Beratungsgespr\u00e4ch sachlich zu besprechen.<\/span><\/strong><\/p>\n<p><span style=\"color: #000080;\"><strong>Die weitere Planung sieht ein Rechentraining vor, dass je nach Schweregrad der besonderen Rechenschwierigkeiten\u00a0 in der Regel ein bis zwei Jahre umfasst mit einer w\u00f6chentlichen Einzelsitzung. Zus\u00e4tzliche \u00dcbungsaufgaben gibt es nicht, denn diese k\u00f6nnten dem \u00fcblichen Hausaufgabenfrust zum Opfer fallen. Der Kontakt zur Lehrkraft der Schule ist vorgesehen, damit die Art der Lernbegleitung bzw. -unterst\u00fctzung sinnvoll zusammenwirkt.\u00a0\u00a0<\/strong><\/span><\/p>\n<p><span style=\"color: #000080;\"><strong>Ich werde nahezu immer gefragt, warum der hochgeschraubte \u00dcbungsaufwand\u00a0 bei\u00a0 den Hausaufgaben ins Leere verl\u00e4uft.<\/strong><\/span><\/p>\n<p><span style=\"color: #000080;\"><strong>Diese Sichtweise &#8222;mehr derselben&#8220; greift zu kurz und kann dem rechenschwachen Kind mehr schaden als n\u00fctzen. Generell sollte das Ein\u00fcben unverstandener Regeln bei Rechenoperationen, wenn sie als symbolische Ziffernmanipulationen ohne inhaltliche Bedeutung ausgef\u00fchrt werden, unbedingt verhindert werden.Vielmehr soll \u00dcben und Wiederholung der Konsolidierung und Automatisierung von inhaltlich erfassten Zusammenh\u00e4ngen dienen. <\/strong><\/span><\/p>\n<p><span style=\"color: #000080;\"><strong>&#8222;Soll ich es so machen, wie ich es in der Schule erkl\u00e4rt bekommen habe oder wie es mir zuhause gesagt wurde?&#8220;<\/strong><\/span><\/p>\n<p><span style=\"color: #000080;\"><strong>Gerade in der Coronazeit haben Eltern notgedrungen die Rolle als Hilfslehrer angenommen. &#8222;Ich hab das Rechnen mit dieser Methode gelernt, also muss das bei meinen Kind auch funktionieren&#8220;. Das kann richtig sein, muss es aber nicht. Der\u00a0 Mathematikunterricht hat sich gewandelt und elterliche Logik nach dem Motto &#8222;Schau her, ich mache das so, mach du das auch so, kann Kinder in den Zwiespalt bringen, wie es etwas zu rechen hat.\u00a0<\/strong><\/span><\/p>\n<p>&nbsp;<\/p>\n<p style=\"text-align: left;\">\n<div class=\"note info \">\n<div class=\"note-inner\">\n<p style=\"text-align: left;\"><span style=\"color: #000080;\"><strong>Leistungsdiagnostik<\/strong><\/span><\/p>\n<p><strong><span style=\"color: #000080;\">Medizinisch ist die Diagnose Dyskalkulie begr\u00fcndet, wenn der IQ im Durchschnittsbereich und die Rechenleistung in standardisierten Rechentests weit unter dem Durchschnitt liegt. Eine Intelligenzminderung liegt im Unterschied zu einer Lernschw\u00e4che nicht vor.\u00a0<\/span><\/strong><\/p>\n<p style=\"text-align: left;\"><strong><span style=\"color: #000080;\">F\u00f6rderplan in der Grundschule <\/span><\/strong><\/p>\n<p><strong><span style=\"color: #000080;\">Steht die Diagnose fest,\u00a0 liegt es\u00a0 im Ermessen der Schulleitung und des Lehrpersonals , welche Hilfestellungen angeboten werden. Bei Vorliegen bestimmter\u00a0 Voraussetzungen kann die Note \u00fcber einen bestimmten Zeitraum in der Grundschule ausgesetzt werden.\u00a0 Jedoch ist der Nachteilsausgleich in Rheinland-Pfalz nicht in die Verwaltungsvorschriften der Schulen aufgenommen worden, so dass es keinen<\/span><\/strong> <span style=\"color: #000080;\"><strong>Rechtsanspruch gibt.<\/strong><\/span><\/p>\n<p>&nbsp;<\/p>\n<p><strong><span style=\"color: #000080;\">Wege aus der Rechenschw\u00e4che: Mehr dar\u00fcber im Men\u00fcpunkt: Leistungen\/Dyskalkulie-Rechenschw\u00e4che\u00a0\u00a0<\/span><\/strong><\/p>\n<p>&nbsp;<\/p>\n<p style=\"text-align: center;\"><strong><span style=\"color: #000080;\">Diagnose ADS\/ADHS und begleitende Rechenschw\u00e4che\u00a0<\/span><\/strong><\/p>\n<p><span style=\"color: #000080;\"><strong>Die Diagnostik ADS\/ADHS ist in der Regel Neuropsychologen, P\u00e4diatern und Kinderpsychiatern\u00a0 vorbehalten. \u00c4rzte, Psychologen und P\u00e4dagogen erfassen eine F\u00fclle von Ph\u00e4nomenen wie stark erh\u00f6hte Ablenkbarkeit &#8211; mit und ohne motorische Unruhe-, ungesteuertes Verhalten, Stimmungsschwankungen, gro\u00dfe Schwierigkeiten, mit Ver\u00e4nderungen umzugehen etc. Oftmals stellt sich trotz durchschnittlicher, teils \u00fcberdurchschnittlicher Intelligenz nicht der erhoffte schulische Leistungserfolg ein. Zu Verursachung gibt eine Vielzahl von Erkl\u00e4rungsans\u00e4tzen entsprechend der Vielzahl an Symptomen, Auspr\u00e4gungen und Kombinationen der Begleiterscheinungen.<\/strong><\/span><\/p>\n<p><strong><span style=\"color: #000080;\">Im Kindes- und Jugendalter tritt die Diagnose AD(H)S bei ungef\u00e4hr 3 bis 7% der Kinder bis zum zehnten Lebensjahr auf. Bei Erwachsenen ist ein Fortbestehen der Problemlage bei ca. 40 bis 60% der Betroffenen zu beobachten. Gleichzeitig zeigen Studien, dass bei ca. 30% der Kinder zus\u00e4tzlich eine Legasthenie\/Dyskalkulie auftritt.\u00a0<\/span><\/strong><\/p>\n<p style=\"text-align: left;\"><span style=\"color: #000080;\"><strong>\u00a0<\/strong><\/span><span style=\"color: #000080;\"><strong>Das zus\u00e4tzliche Auftreten einer Dyskalkulie\/Rechenschw\u00e4che ist beg\u00fcnstigt, wenn Kinder ihr teils unkonventionelles, unangepasstes Verhalten in der Schule zeigen. Sie sind <\/strong><\/span><span style=\"color: #000080;\"><strong>einerseits nicht in der Lage sind, dem Unterricht der Lehrkraft\u00a0 gleichbleibend aufmerksam zu folgen und andererseits empfinden sie die Hausaufgabensituation als belastend und anstrengend. Stundenlanges Tr\u00f6deln und nervenaufreibende K\u00e4mpfe zuhause sind die Folge.\u00a0 Aufgrund der geringen Aufmerksamkeitsspanne sind Ablenkungsman\u00f6ver hoch willkommen. Aufgaben werden nicht zu Ende gef\u00fchrt, weil die Blicke st\u00e4ndig umherwandern und neue Reize wahrgenommen werden. Je mehr ungefilterte und unsortierte Informationen auf einmal eintreffen, umso schneller ersch\u00f6pft sich die Aufnahmekapazit\u00e4t und der aktuelle Arbeitsspeicher st\u00fcrzt ab.\u00a0<\/strong><\/span><\/p>\n<p><span style=\"color: #000080;\"><strong>In der Schule werden ADHS-Kinder als St\u00f6renfriede und ADS-Kinder als &#8222;Hans guck in die Luft&#8220; von Lehrern und Mitsch\u00fclern im Unterricht wahrgenommen. So sehen die Lehrer den &#8222;Zappelphilipp&#8220; und\u00a0 den &#8222;Klassenclown&#8220; \u00a0im Unterricht, der nicht sitzen bleiben kann, in abenteuerlicher Weise auf dem Stuhl schaukelt oder\u00a0 &#8222;Tr\u00e4umer\/innen, die aus dem Fenster schauen und oftmals grunds\u00e4tzlich nicht wissen, an welcher Stelle sich der Unterricht befindet, wenn sie aufgerufen werden. Neben den beschriebenen Verhaltensauff\u00e4lligkeiten kommen zus\u00e4tzliche Probleme im fein- und graphomotorischen Bereich dazu. Die Handschrift wirkt ungelenk, unregelm\u00e4\u00dfig und krakelig. Zeilen werden nicht eingehalten, Zahlen ragen \u00fcber die vorgegebenen K\u00e4stchen auf der DINA4 Seite hinaus\u00a0 und beim Schreiben wird h\u00e4ufig starker Druck auf den Stift ausge\u00fcbt.\u00a0<\/strong><\/span><\/p>\n<p><strong><span style=\"color: #ff0000;\">&#8222;Eine St\u00f6rung ist das, was mich st\u00f6rt&#8220;. Manchmal bin ich mir gar nicht bewusst, was mich wirklich st\u00f6rt. Manchmal st\u00f6rt so viel, dass ich gar nicht wei\u00df, wo ich mit den Ver\u00e4nderungen beginnen soll. Manchmal sehe ich keine Ver\u00e4nderungschance. Und manchmal frage ich mich, ob es berechtigt ist, mich von diesem und jenem gest\u00f6rt zu f\u00fchlen&#8220;.\u00a0<\/span><\/strong><\/p>\n<p><strong><span style=\"color: #000080;\">Im Vorfeld findet auch hier ein unverbindliches Beratungsgespr\u00e4ch mit Anamnese- und Symptomfragebogen statt. Auf der Basis dieser Ergebnisse\u00a0 und einer weiteren Checkliste wird ein mathematikdidaktisches individuelles\u00a0 Trainingskonzept erarbeitet, das den mathematisch-fachlichen Kern der Rechenschw\u00e4che umfasst. Gleichzeitig bieten sich Beratungsgespr\u00e4che oder Elternarbeit der Trainingsprogramme an, damit die Hausaufgabensituation sich zuhause entspannen kann.\u00a0<\/span><\/strong><\/p>\n<p><span style=\"color: #008000;\"><strong>Worum geht es auch noch? Kinder wollen lernen und sich in der Welt der Zahlen zurechtfinden. Deshalb ist es wichtig, sie zu ermuntern, sich zu \u00e4u\u00dfern und viele Fragen zu stellen, ihnen zuzuh\u00f6ren, ihr Denken ernst zu nehmen, sie verstehen zu wollen und sie im Vertrauen auf die Kraft ihres eigenen Denkens zu st\u00e4rken.\u00a0\u00a0<\/strong><\/span><\/p>\n<p>&nbsp;<\/p>\n<p><strong><span style=\"color: #000080;\">Mehr dar\u00fcber im Men\u00fcpunkt: Leistungen\/ADS\/ADHS<\/span><\/strong><\/p>\n<p>&nbsp;<\/p>\n<h3><img loading=\"lazy\" decoding=\"async\" class=\"size-full wp-image-12 aligncenter\" src=\"https:\/\/www.lernart-hetzerath.de\/wordpress\/wp-content\/uploads\/2017\/03\/WEB-FB_Fotolia_68213084_L_BEARB.jpg\" alt=\"\" width=\"565\" height=\"377\" srcset=\"https:\/\/www.lernart-hetzerath.de\/wordpress\/wp-content\/uploads\/2017\/03\/WEB-FB_Fotolia_68213084_L_BEARB.jpg 565w, https:\/\/www.lernart-hetzerath.de\/wordpress\/wp-content\/uploads\/2017\/03\/WEB-FB_Fotolia_68213084_L_BEARB-300x200.jpg 300w\" sizes=\"auto, (max-width: 565px) 100vw, 565px\" \/><\/h3>\n<h3><\/h3>\n<h3><\/h3>\n<p>&nbsp;<\/p>\n<p><span style=\"display: inline !important; float: none; background-color: transparent; color: #333333; cursor: text; font-family: Georgia,'Times New Roman','Bitstream Charter',Times,serif; font-size: 16px; font-style: normal; font-variant: normal; font-weight: 400; letter-spacing: normal; orphans: 2; text-align: left; text-decoration: none; text-indent: 0px; text-transform: none; -webkit-text-stroke-width: 0px; white-space: normal; word-spacing: 0px;\"><\/div>\n<\/div>\n<p><\/span><\/p>\n<div class=\"st-callout hastitle lightblue center\" >\n<h4 class=\"st-callout-title center\">Leistungen<\/h4>\n<div class=\"inside\">\n<p><span style=\"color: #000080;\"><strong>In allen Leistungen berate ich Sie gerne. <\/strong><\/span><\/p>\n<p><span style=\"color: #000080;\"><strong>Rufen Sie einfach vormittags oder nach 18 Uhr unter der Handynummer 0172\/7438224 an.\u00a0\u00a0<span style=\"color: #ff0000;\">Bitte beachten Sie, dass die Festnetznummer 06508\/908951 nicht mehr erreichbar ist! <span style=\"color: #000080;\">Neue Festnetznummer 06508\/8973229<\/span><\/span><\/strong><\/span><\/p>\n<p><span style=\"color: #000080;\"><strong> oder schicken eine E-Mail an meine E-Mail-Adresse: Irka.koller@t-online.de\u00a0<\/strong><\/span><\/p>\n<\/div>\n<\/div>\n<div class=\"clear\"><\/div>\n<div class=\"st-callout hastitle lightblue center\" >\n<h4 class=\"st-callout-title center\">Regionen und Orte<\/h4>\n<div class=\"inside\">\n<p><strong><span style=\"color: #000080;\">Gerne nehme ich Ihre Anfrage entgegen, wenn Ihr Wohnort nahe gelegen und sich im Umkreis von 30 km von Hetzerath befindet.<\/span><\/strong><\/p>\n<div class=\"note info \">\n<div class=\"note-inner\">\n<p><strong>Wittlich: <\/strong>Rivenich, Sehlem, Dreis, Gladbach,&#8230;..<\/p>\n<p><strong>Schweich\/Trier:<\/strong> F\u00f6hren, Bekond&#8230;.,<\/p>\n<p><strong>Mosel:<\/strong> Kl\u00fcsserath, Trittenheim, Neumagen-Dhron, Mehring, Leiwen, Longuich&#8230;,<\/p>\n<p><strong>Bitburg: <\/strong>Naurath, Speicher, Zemmer&#8230;.<\/p>\n<\/div>\n<\/div>\n<p><span style=\"display: inline !important; float: none; background-color: transparent; color: #333333; cursor: text; font-family: Georgia,'Times New Roman','Bitstream Charter',Times,serif; font-size: 16px; font-style: normal; font-variant: normal; font-weight: 400; letter-spacing: normal; orphans: 2; text-align: left; text-decoration: none; text-indent: 0px; text-transform: none; -webkit-text-stroke-width: 0px; white-space: normal; word-spacing: 0px;\"><\/div>\n<\/div>\n<div class=\"clear\"><\/div>\n<p><\/span><\/p>\n<p><strong><span style=\"color: #000080;\">Herzlichst Ihre Lerntrainerin<\/span><\/strong><\/p>\n<p><strong><span style=\"color: #000080;\">Irene Koller<\/span><\/strong><\/p>\n<p>&nbsp;<\/p>\n","protected":false},"excerpt":{"rendered":"<p>Dyskalkulie\/Rechenschw\u00e4che im Brennpunkt\u00a0 Es gibt keine von allen Bezugswissenschaften einheitlich anerkannte Begrifflichkeit f\u00fcr das Ph\u00e4nomen, dass es Kinder gibt, die besondere Schwierigkeiten [&hellip;]<\/p>\n","protected":false},"author":1,"featured_media":0,"parent":0,"menu_order":0,"comment_status":"closed","ping_status":"closed","template":"","meta":{"_FSMCFIC_featured_image_caption":"","_FSMCFIC_featured_image_nocaption":"","_FSMCFIC_featured_image_hide":"","footnotes":""},"class_list":["post-119","page","type-page","status-publish","hentry"],"yoast_head":"<!-- This site is optimized with the Yoast SEO plugin v27.4 - https:\/\/yoast.com\/product\/yoast-seo-wordpress\/ -->\n<title>Willkommen - LERNART Hetzerath<\/title>\n<meta name=\"robots\" content=\"index, follow, max-snippet:-1, max-image-preview:large, max-video-preview:-1\" \/>\n<link rel=\"canonical\" href=\"https:\/\/www.lernart-hetzerath.de\/wordpress\/\" \/>\n<meta property=\"og:locale\" content=\"de_DE\" \/>\n<meta property=\"og:type\" content=\"article\" \/>\n<meta property=\"og:title\" content=\"Willkommen - LERNART Hetzerath\" \/>\n<meta property=\"og:description\" content=\"Dyskalkulie\/Rechenschw\u00e4che im Brennpunkt\u00a0 Es gibt keine von allen Bezugswissenschaften einheitlich anerkannte Begrifflichkeit f\u00fcr das Ph\u00e4nomen, dass es Kinder gibt, die besondere Schwierigkeiten [&hellip;]\" \/>\n<meta property=\"og:url\" content=\"https:\/\/www.lernart-hetzerath.de\/wordpress\/\" \/>\n<meta property=\"og:site_name\" content=\"LERNART Hetzerath\" \/>\n<meta property=\"article:modified_time\" content=\"2025-02-01T17:12:59+00:00\" \/>\n<meta property=\"og:image\" content=\"https:\/\/www.lernart-hetzerath.de\/wordpress\/wp-content\/uploads\/2017\/03\/WEB-FB_Fotolia_68213084_L_BEARB.jpg\" \/>\n\t<meta property=\"og:image:width\" content=\"565\" \/>\n\t<meta property=\"og:image:height\" content=\"377\" \/>\n\t<meta property=\"og:image:type\" content=\"image\/jpeg\" \/>\n<meta name=\"twitter:card\" content=\"summary_large_image\" \/>\n<meta name=\"twitter:label1\" content=\"Gesch\u00e4tzte Lesezeit\" \/>\n\t<meta name=\"twitter:data1\" content=\"9\u00a0Minuten\" \/>\n<script type=\"application\/ld+json\" class=\"yoast-schema-graph\">{\"@context\":\"https:\\\/\\\/schema.org\",\"@graph\":[{\"@type\":\"WebPage\",\"@id\":\"https:\\\/\\\/www.lernart-hetzerath.de\\\/wordpress\\\/\",\"url\":\"https:\\\/\\\/www.lernart-hetzerath.de\\\/wordpress\\\/\",\"name\":\"Willkommen - LERNART Hetzerath\",\"isPartOf\":{\"@id\":\"https:\\\/\\\/www.lernart-hetzerath.de\\\/wordpress\\\/#website\"},\"primaryImageOfPage\":{\"@id\":\"https:\\\/\\\/www.lernart-hetzerath.de\\\/wordpress\\\/#primaryimage\"},\"image\":{\"@id\":\"https:\\\/\\\/www.lernart-hetzerath.de\\\/wordpress\\\/#primaryimage\"},\"thumbnailUrl\":\"https:\\\/\\\/www.lernart-hetzerath.de\\\/wordpress\\\/wp-content\\\/uploads\\\/2017\\\/03\\\/WEB-FB_Fotolia_68213084_L_BEARB.jpg\",\"datePublished\":\"2017-03-11T18:07:04+00:00\",\"dateModified\":\"2025-02-01T17:12:59+00:00\",\"breadcrumb\":{\"@id\":\"https:\\\/\\\/www.lernart-hetzerath.de\\\/wordpress\\\/#breadcrumb\"},\"inLanguage\":\"de\",\"potentialAction\":[{\"@type\":\"ReadAction\",\"target\":[\"https:\\\/\\\/www.lernart-hetzerath.de\\\/wordpress\\\/\"]}]},{\"@type\":\"ImageObject\",\"inLanguage\":\"de\",\"@id\":\"https:\\\/\\\/www.lernart-hetzerath.de\\\/wordpress\\\/#primaryimage\",\"url\":\"https:\\\/\\\/www.lernart-hetzerath.de\\\/wordpress\\\/wp-content\\\/uploads\\\/2017\\\/03\\\/WEB-FB_Fotolia_68213084_L_BEARB.jpg\",\"contentUrl\":\"https:\\\/\\\/www.lernart-hetzerath.de\\\/wordpress\\\/wp-content\\\/uploads\\\/2017\\\/03\\\/WEB-FB_Fotolia_68213084_L_BEARB.jpg\",\"width\":565,\"height\":377,\"caption\":\"WEB-FB_Fotolia_68213084_L_BEARB Foto: \u00a9 contrastwerkstatt \\\/ fotolia Bildbearbeitung: atelier COLOUR-VISION\"},{\"@type\":\"BreadcrumbList\",\"@id\":\"https:\\\/\\\/www.lernart-hetzerath.de\\\/wordpress\\\/#breadcrumb\",\"itemListElement\":[{\"@type\":\"ListItem\",\"position\":1,\"name\":\"Startseite\",\"item\":\"https:\\\/\\\/www.lernart-hetzerath.de\\\/wordpress\\\/\"},{\"@type\":\"ListItem\",\"position\":2,\"name\":\"Willkommen\"}]},{\"@type\":\"WebSite\",\"@id\":\"https:\\\/\\\/www.lernart-hetzerath.de\\\/wordpress\\\/#website\",\"url\":\"https:\\\/\\\/www.lernart-hetzerath.de\\\/wordpress\\\/\",\"name\":\"LERNART Hetzerath\",\"description\":\"Dyskalkulie\\\/Rechenschw\u00e4che-ADS\\\/ADHS-Elternarbeit -  Crashkurse Chemie- Workshops\",\"publisher\":{\"@id\":\"https:\\\/\\\/www.lernart-hetzerath.de\\\/wordpress\\\/#\\\/schema\\\/person\\\/ebff95b1efc9faf8b01a9da69793705f\"},\"potentialAction\":[{\"@type\":\"SearchAction\",\"target\":{\"@type\":\"EntryPoint\",\"urlTemplate\":\"https:\\\/\\\/www.lernart-hetzerath.de\\\/wordpress\\\/?s={search_term_string}\"},\"query-input\":{\"@type\":\"PropertyValueSpecification\",\"valueRequired\":true,\"valueName\":\"search_term_string\"}}],\"inLanguage\":\"de\"},{\"@type\":[\"Person\",\"Organization\"],\"@id\":\"https:\\\/\\\/www.lernart-hetzerath.de\\\/wordpress\\\/#\\\/schema\\\/person\\\/ebff95b1efc9faf8b01a9da69793705f\",\"name\":\"irka987\",\"image\":{\"@type\":\"ImageObject\",\"inLanguage\":\"de\",\"@id\":\"https:\\\/\\\/www.lernart-hetzerath.de\\\/wordpress\\\/wp-content\\\/uploads\\\/2017\\\/03\\\/Koller-Irene-2b_BRetu_aCV__3.jpg\",\"url\":\"https:\\\/\\\/www.lernart-hetzerath.de\\\/wordpress\\\/wp-content\\\/uploads\\\/2017\\\/03\\\/Koller-Irene-2b_BRetu_aCV__3.jpg\",\"contentUrl\":\"https:\\\/\\\/www.lernart-hetzerath.de\\\/wordpress\\\/wp-content\\\/uploads\\\/2017\\\/03\\\/Koller-Irene-2b_BRetu_aCV__3.jpg\",\"width\":300,\"height\":450,\"caption\":\"irka987\"},\"logo\":{\"@id\":\"https:\\\/\\\/www.lernart-hetzerath.de\\\/wordpress\\\/wp-content\\\/uploads\\\/2017\\\/03\\\/Koller-Irene-2b_BRetu_aCV__3.jpg\"}}]}<\/script>\n<!-- \/ Yoast SEO plugin. -->","yoast_head_json":{"title":"Willkommen - LERNART Hetzerath","robots":{"index":"index","follow":"follow","max-snippet":"max-snippet:-1","max-image-preview":"max-image-preview:large","max-video-preview":"max-video-preview:-1"},"canonical":"https:\/\/www.lernart-hetzerath.de\/wordpress\/","og_locale":"de_DE","og_type":"article","og_title":"Willkommen - LERNART Hetzerath","og_description":"Dyskalkulie\/Rechenschw\u00e4che im Brennpunkt\u00a0 Es gibt keine von allen Bezugswissenschaften einheitlich anerkannte Begrifflichkeit f\u00fcr das Ph\u00e4nomen, dass es Kinder gibt, die besondere Schwierigkeiten [&hellip;]","og_url":"https:\/\/www.lernart-hetzerath.de\/wordpress\/","og_site_name":"LERNART Hetzerath","article_modified_time":"2025-02-01T17:12:59+00:00","og_image":[{"width":565,"height":377,"url":"https:\/\/www.lernart-hetzerath.de\/wordpress\/wp-content\/uploads\/2017\/03\/WEB-FB_Fotolia_68213084_L_BEARB.jpg","type":"image\/jpeg"}],"twitter_card":"summary_large_image","twitter_misc":{"Gesch\u00e4tzte Lesezeit":"9\u00a0Minuten"},"schema":{"@context":"https:\/\/schema.org","@graph":[{"@type":"WebPage","@id":"https:\/\/www.lernart-hetzerath.de\/wordpress\/","url":"https:\/\/www.lernart-hetzerath.de\/wordpress\/","name":"Willkommen - LERNART Hetzerath","isPartOf":{"@id":"https:\/\/www.lernart-hetzerath.de\/wordpress\/#website"},"primaryImageOfPage":{"@id":"https:\/\/www.lernart-hetzerath.de\/wordpress\/#primaryimage"},"image":{"@id":"https:\/\/www.lernart-hetzerath.de\/wordpress\/#primaryimage"},"thumbnailUrl":"https:\/\/www.lernart-hetzerath.de\/wordpress\/wp-content\/uploads\/2017\/03\/WEB-FB_Fotolia_68213084_L_BEARB.jpg","datePublished":"2017-03-11T18:07:04+00:00","dateModified":"2025-02-01T17:12:59+00:00","breadcrumb":{"@id":"https:\/\/www.lernart-hetzerath.de\/wordpress\/#breadcrumb"},"inLanguage":"de","potentialAction":[{"@type":"ReadAction","target":["https:\/\/www.lernart-hetzerath.de\/wordpress\/"]}]},{"@type":"ImageObject","inLanguage":"de","@id":"https:\/\/www.lernart-hetzerath.de\/wordpress\/#primaryimage","url":"https:\/\/www.lernart-hetzerath.de\/wordpress\/wp-content\/uploads\/2017\/03\/WEB-FB_Fotolia_68213084_L_BEARB.jpg","contentUrl":"https:\/\/www.lernart-hetzerath.de\/wordpress\/wp-content\/uploads\/2017\/03\/WEB-FB_Fotolia_68213084_L_BEARB.jpg","width":565,"height":377,"caption":"WEB-FB_Fotolia_68213084_L_BEARB Foto: \u00a9 contrastwerkstatt \/ fotolia Bildbearbeitung: atelier COLOUR-VISION"},{"@type":"BreadcrumbList","@id":"https:\/\/www.lernart-hetzerath.de\/wordpress\/#breadcrumb","itemListElement":[{"@type":"ListItem","position":1,"name":"Startseite","item":"https:\/\/www.lernart-hetzerath.de\/wordpress\/"},{"@type":"ListItem","position":2,"name":"Willkommen"}]},{"@type":"WebSite","@id":"https:\/\/www.lernart-hetzerath.de\/wordpress\/#website","url":"https:\/\/www.lernart-hetzerath.de\/wordpress\/","name":"LERNART Hetzerath","description":"Dyskalkulie\/Rechenschw\u00e4che-ADS\/ADHS-Elternarbeit -  Crashkurse Chemie- Workshops","publisher":{"@id":"https:\/\/www.lernart-hetzerath.de\/wordpress\/#\/schema\/person\/ebff95b1efc9faf8b01a9da69793705f"},"potentialAction":[{"@type":"SearchAction","target":{"@type":"EntryPoint","urlTemplate":"https:\/\/www.lernart-hetzerath.de\/wordpress\/?s={search_term_string}"},"query-input":{"@type":"PropertyValueSpecification","valueRequired":true,"valueName":"search_term_string"}}],"inLanguage":"de"},{"@type":["Person","Organization"],"@id":"https:\/\/www.lernart-hetzerath.de\/wordpress\/#\/schema\/person\/ebff95b1efc9faf8b01a9da69793705f","name":"irka987","image":{"@type":"ImageObject","inLanguage":"de","@id":"https:\/\/www.lernart-hetzerath.de\/wordpress\/wp-content\/uploads\/2017\/03\/Koller-Irene-2b_BRetu_aCV__3.jpg","url":"https:\/\/www.lernart-hetzerath.de\/wordpress\/wp-content\/uploads\/2017\/03\/Koller-Irene-2b_BRetu_aCV__3.jpg","contentUrl":"https:\/\/www.lernart-hetzerath.de\/wordpress\/wp-content\/uploads\/2017\/03\/Koller-Irene-2b_BRetu_aCV__3.jpg","width":300,"height":450,"caption":"irka987"},"logo":{"@id":"https:\/\/www.lernart-hetzerath.de\/wordpress\/wp-content\/uploads\/2017\/03\/Koller-Irene-2b_BRetu_aCV__3.jpg"}}]}},"_links":{"self":[{"href":"https:\/\/www.lernart-hetzerath.de\/wordpress\/wp-json\/wp\/v2\/pages\/119","targetHints":{"allow":["GET"]}}],"collection":[{"href":"https:\/\/www.lernart-hetzerath.de\/wordpress\/wp-json\/wp\/v2\/pages"}],"about":[{"href":"https:\/\/www.lernart-hetzerath.de\/wordpress\/wp-json\/wp\/v2\/types\/page"}],"author":[{"embeddable":true,"href":"https:\/\/www.lernart-hetzerath.de\/wordpress\/wp-json\/wp\/v2\/users\/1"}],"replies":[{"embeddable":true,"href":"https:\/\/www.lernart-hetzerath.de\/wordpress\/wp-json\/wp\/v2\/comments?post=119"}],"version-history":[{"count":188,"href":"https:\/\/www.lernart-hetzerath.de\/wordpress\/wp-json\/wp\/v2\/pages\/119\/revisions"}],"predecessor-version":[{"id":898,"href":"https:\/\/www.lernart-hetzerath.de\/wordpress\/wp-json\/wp\/v2\/pages\/119\/revisions\/898"}],"wp:attachment":[{"href":"https:\/\/www.lernart-hetzerath.de\/wordpress\/wp-json\/wp\/v2\/media?parent=119"}],"curies":[{"name":"wp","href":"https:\/\/api.w.org\/{rel}","templated":true}]}}